{"version":"1.0","provider_name":"J\u00f3pofa Bolt","provider_url":"https:\/\/jopofabolt.cafeblog.hu","author_name":"J\u00f3pofa Bolt","author_url":"https:\/\/jopofabolt.cafeblog.hu\/author\/jopofa_bolt\/","title":"Mi az a kollag\u00e9n?","html":"<p>Lehet, hogy felismeri kedvenc test\u00e1pol\u00f3j\u00e1nak \u00f6sszetev\u0151jek\u00e9nt, vagy esetleg \u00e9szrevette a vitamin folyos\u00f3 kieg\u00e9sz\u00edt\u0151ket, amelyek tartalmazz\u00e1k. De mi az a kollag\u00e9n? Pontosan mit csin\u00e1l a kollag\u00e9n? \u00c9s hogyan \u00e9p\u00edtheti be az \u00e9let\u00e9be?<\/p>\r\n<p>A kollag\u00e9n a test\u00fcnkben a leggyakoribb feh\u00e9rje, k\u00fcl\u00f6n\u00f6sen az 1-es t\u00edpus\u00fa kollag\u00e9n. Megtal\u00e1lhat\u00f3 az izmokban, a csontokban, a b\u0151rben, az erekben, az em\u00e9szt\u0151rendszerben \u00e9s az inakban. A kollag\u00e9n el\u0151nyei annyira szembet\u0171n\u0151ek, mert ez a feh\u00e9rje az, ami seg\u00edt er\u0151t \u00e9s rugalmass\u00e1got adni a b\u0151r\u00fcnknek, \u00e9s p\u00f3tolja az elhalt h\u00e1msejteket. Ha az \u00edz\u00fcleteinkr\u0151l \u00e9s az inatainkr\u00f3l van sz\u00f3, legegyszer\u0171bben sz\u00f3lva, ez a \u201eragaszt\u00f3\u201d seg\u00edti a test egyben tart\u00e1s\u00e1t.<\/p>\r\n<p>Test\u00fcnk kollag\u00e9ntermel\u00e9se az \u00e9letkor el\u0151rehaladt\u00e1val term\u00e9szetesen lassulni kezd. K\u00f6sz\u00f6nhetj\u00fck ennek a degenerat\u00edv folyamatnak az \u00f6reged\u00e9s jeleit, p\u00e9ld\u00e1ul a r\u00e1ncokat, a b\u0151r megereszked\u00e9s\u00e9t \u00e9s az \u00edz\u00fcleti f\u00e1jdalmakat a gyeng\u00e9bb vagy cs\u00f6kkent porc (hello, csontv\u00e1zl\u00e1bak) miatt. Egy\u00e9b \u00e9letm\u00f3dbeli t\u00e9nyez\u0151k - p\u00e9ld\u00e1ul magas cukortartalm\u00fa \u00e9trend, doh\u00e1nyz\u00e1s \u00e9s nagy mennyis\u00e9g\u0171 napoz\u00e1s - szint\u00e9n hozz\u00e1j\u00e1rulnak a kollag\u00e9nszint kimer\u00fcl\u00e9s\u00e9hez.<\/p>\r\n<p>Meg\u00e1llap\u00edtott\u00e1k, hogy a kollag\u00e9nnel kapcsolatos betegs\u00e9gek leggyakrabban genetikai hib\u00e1k, a kollag\u00e9nben gazdag \u00e9telek alacsony bevitele , t\u00e1pl\u00e1lkoz\u00e1si hi\u00e1nyoss\u00e1gok \u00e9s a kollag\u00e9n termel\u00e9s\u00e9t (szint\u00e9zis\u00e9t) befoly\u00e1sol\u00f3 em\u00e9szt\u00e9si probl\u00e9m\u00e1k kombin\u00e1ci\u00f3j\u00e1b\u00f3l sz\u00e1rmaznak .<\/p>\r\n<p>Szerencs\u00e9re az olyan \u00e9telek fogyaszt\u00e1sa, mint a csontleves , rengeteg ilyen l\u00e9tfontoss\u00e1g\u00fa feh\u00e9rj\u00e9t ny\u00fajthat, \u00e9s ha k\u00edv\u00e1ncsi arra, mire j\u00f3 a kollag\u00e9n, \u00f6r\u00fcl\u00f6k, hogy megk\u00e9rdezte.<\/p>\r\n<h2>T\u00e1pl\u00e1lkoz\u00e1si t\u00e9nyek<\/h2>\r\n<p>A kollag\u00e9nt gyakran \u201ekomplex feh\u00e9rj\u00e9nek\u201d nevezik, ami nem meglep\u0151, tekintve, hogy \u00f3ri\u00e1si 19 k\u00fcl\u00f6nb\u00f6z\u0151 aminosavat tartalmaz. Ide tartoznak mind a nem esszenci\u00e1lis (m\u00e1s n\u00e9ven felt\u00e9teles) \u00e9s az alapvet\u0151 t\u00edpusok kever\u00e9ke. A kollag\u00e9n k\u00fcl\u00f6n\u00f6sen nagyszer\u0171 m\u00f3dja annak, hogy t\u00f6bb felt\u00e9teles aminosavat nyerj\u00fcnk , p\u00e9ld\u00e1ul arginint, glutamint, glicint \u00e9s prolint.<\/p>\r\n<p>A kollag\u00e9n h\u00e1rom l\u00e1ncb\u00f3l \u00e1ll, amelyek szoros h\u00e1rmas spir\u00e1lban vannak \u00f6sszef\u0171zve. Minden l\u00e1nc t\u00f6bb mint 1400 aminosavat tartalmaz!<\/p>\r\n<p>A kollag\u00e9nl\u00e1ncokban tal\u00e1lhat\u00f3 aminosavak els\u0151dleges t\u00edpusa a prolin \u00e9s a glicin. A prolin \u00e9s a glicin egyar\u00e1nt k\u00e9t fontos aminosav, amelyek nem sokak az \u00e1llati h\u00fasokban, \u00e9s innen sz\u00e1rmazik a legt\u00f6bb \u201enyugati \u00e9trendet\u201d fogyaszt\u00f3 feh\u00e9rje. Ez azt jelenti, hogy az embereknek hi\u00e1nyoznak ezek az aminosavak \u00e9trendj\u00fckb\u0151l - mivel rendszeresen ker\u00fclik a legjobb term\u00e9szetes forr\u00e1sok (p\u00e9ld\u00e1ul szervh\u00fasok) fogyaszt\u00e1s\u00e1t.<\/p>\r\n<p>Az al\u00e1bbiakban ismertetett okokb\u00f3l a \u201enem esszenci\u00e1lis\u201d aminosavak val\u00f3ban fontosak - sz\u00f3val ne hagyd, hogy a n\u00e9v becsapjon! Norm\u00e1lis k\u00f6r\u00fclm\u00e9nyek k\u00f6z\u00f6tt a tested \u00e1ll\u00edtja el\u0151 \u0151ket.<\/p>\r\n<p>Ha azonban beteg, nagy fizikai vagy \u00e9rzelmi stressz alatt \u00e1ll, vagy egy\u00e9b m\u00f3don eg\u00e9szs\u00e9gtelen, el\u0151fordulhat, hogy a szervezete nem k\u00e9pes \u00f6nmag\u00e1ban elegend\u0151 mennyis\u00e9g\u0171 aminosavat el\u0151\u00e1ll\u00edtani. A testnek ekkor k\u00fcls\u0151 forr\u00e1sokb\u00f3l, f\u0151k\u00e9nt az \u00e9trendb\u0151l vagy a kieg\u00e9sz\u00edt\u0151kb\u0151l sz\u00e1rmaz\u00f3 seg\u00edts\u00e9gre van sz\u00fcks\u00e9ge, hogy teljes legyen.<\/p>\r\n<p>A kollag\u00e9nben tal\u00e1lhat\u00f3 aminosavak legmagasabb sz\u00e1zal\u00e9kos ar\u00e1nya, n\u00e9h\u00e1ny f\u0151 el\u0151ny\u00fckkel egy\u00fctt:<\/p>\r\n<ul>\r\n<li>Prolin: A prolin a kollag\u00e9n majdnem 15 sz\u00e1zal\u00e9k\u00e1t teszi ki . K\u00fcl\u00f6n\u00f6sen a prolinnak \u00e9s a glicinnek van nagy szerepe a test z\u00f6kken\u0151mentes m\u0171k\u00f6d\u00e9s\u00e9nek biztos\u00edt\u00e1s\u00e1ban. A prolin seg\u00edt megv\u00e9deni az erek integrit\u00e1s\u00e1t, jav\u00edtja az \u00edz\u00fcletek eg\u00e9szs\u00e9g\u00e9t \u00e9s k\u00fcl\u00f6nf\u00e9le kardiovaszkul\u00e1ris el\u0151ny\u00f6kkel j\u00e1r.<\/li>\r\n<li>Glicin: A kollag\u00e9nben tal\u00e1lhat\u00f3 feh\u00e9rje k\u00f6r\u00fclbel\u00fcl egyharmada glicin . M\u00edg m\u00e9ret szerint ez a legkisebb aminosav, a glicinnek nagy hat\u00e1sai vannak. A sejtjeink megfelel\u0151 m\u0171k\u00f6d\u00e9s\u00e9nek biztos\u00edt\u00e1sa \u00e9rdek\u00e9ben a glicin seg\u00edti az eg\u00e9szs\u00e9ges DNS-sz\u00e1lak fel\u00e9p\u00edt\u00e9s\u00e9t. Ez egyike azon h\u00e1rom aminosavnak, amelyek kreatint alkotnak, amely el\u0151seg\u00edti az eg\u00e9szs\u00e9ges izomn\u00f6veked\u00e9st \u00e9s fokozza az energiatermel\u00e9st az edz\u00e9sek sor\u00e1n.<\/li>\r\n<li>Glutamin: A szervezet egyik legfontosabb \u00e9s legb\u0151s\u00e9gesebb aminosav\u00e1nak tekinthet\u0151 glutamin izomzatunkban j\u00f6n l\u00e9tre \u00e9s t\u00e1pl\u00e1l\u00e9kb\u00f3l is sz\u00e1rmazik. Kutat\u00e1sok azt mutatj\u00e1k, hogy a glutaminnak el\u0151nyei vannak a szorong\u00e1s, a fesz\u00fclts\u00e9g, az alv\u00e1szavarok \/ \u00e1lmatlans\u00e1g, a koncentr\u00e1ci\u00f3hi\u00e1ny, az em\u00e9szt\u00e9si rendelleness\u00e9gek gyeng\u00fcl\u00e9se, az immunrendszer gyeng\u00fcl\u00e9se \u00e9s az alacsony energiaszint megel\u0151z\u00e9s\u00e9ben. Az American Journal of Clinical Nutrition nyomtatott jelent\u00e9s szerint kimutatt\u00e1k, hogy pozit\u00edv hat\u00e1ssal van a n\u00f6veked\u00e9si hormon termel\u00e9s\u00e9re, amely jav\u00edthatja a ment\u00e1lis eg\u00e9szs\u00e9g szempontjait, p\u00e9ld\u00e1ul seg\u00edthet a GABA felszabad\u00edt\u00e1s\u00e1ban, amely fokozza a \u201ebels\u0151 nyugalom \u00e9s nyugalom\u201d \u00e9rz\u00e9s\u00e9t. A glutamin \u00e1ltal nagy mennyis\u00e9gben el\u0151\u00e1ll\u00edtott nitrog\u00e9n seg\u00edt a sebgy\u00f3gyul\u00e1sban, \u00e9s megakad\u00e1lyozza az izmok kimer\u00fcl\u00e9s\u00e9t \u00e9s az \u00edz\u00fcleti f\u00e1jdalmakat.<\/li>\r\n<li>Arginin: Az arginin (m\u00e1s n\u00e9ven L-arginin ) nitrog\u00e9n-oxidra bomlik a szervezetben, amely fontos vegy\u00fclet az art\u00e9ri\u00e1k \u00e9s a sz\u00edv eg\u00e9szs\u00e9ge szempontj\u00e1b\u00f3l. ( 24 ) Kimutatt\u00e1k, hogy az arginin jav\u00edtja a kering\u00e9st, seg\u00edti az immunrendszer er\u0151s\u00f6d\u00e9s\u00e9t \u00e9s pozit\u00edvan befoly\u00e1solja a f\u00e9rfi libid\u00f3t.<\/li>\r\n<\/ul>\r\n<h2>El\u0151ny\u00f6k<\/h2>\r\n<h3>1. Jav\u00edtja a b\u0151r \u00e9s a haj eg\u00e9szs\u00e9g\u00e9t<\/h3>\r\n<p>Kollag\u00e9n a b\u0151r sz\u00e1m\u00e1ra? Okkal tekinthet\u0151 az els\u0151 sz\u00e1m\u00fa kollag\u00e9n el\u0151nynek. Ahogy \u00f6regsz\u00fcnk, a kollag\u00e9n termel\u00e9s cs\u00f6kken - ez t\u00f6rt\u00e9nik, ahogy ezt olvassa! Fizikailag \u00e9szreveszi: laz\u00e1bb b\u0151r, t\u00f6bb r\u00e1nc \u00e9s kevesebb rugalmass\u00e1g. A n\u00f6vekv\u0151 kollag\u00e9nszint seg\u00edthet a b\u0151r feszesebb megjelen\u00e9s\u00e9ben, n\u00f6velheti a simas\u00e1got, \u00e9s el\u0151seg\u00edtheti a b\u0151rsejtjeinek norm\u00e1lis meg\u00fajul\u00e1s\u00e1t \u00e9s helyre\u00e1ll\u00edt\u00e1s\u00e1t.<\/p>\r\n<p>Kett\u0151s-vak, placebo-kontroll\u00e1lt vizsg\u00e1latok vizsg\u00e1l\u00f3 az anti-aging tulajdons\u00e1gait kollag\u00e9n tal\u00e1ltuk, hogy 2,5-5 gramm kollag\u00e9n-hidroliz\u00e1tum haszn\u00e1lt k\u00f6r\u00e9ben \u00e9ves n\u0151k 35-55 naponta egyszer nyolc h\u00e9tig jelent\u0151sen jav\u00edtott a b\u0151r rugalmass\u00e1g\u00e1t, a b\u0151r nedvess\u00e9g, a v\u00edzvesztes\u00e9get ( sz\u00e1razs\u00e1g) \u00e9s a b\u0151r \u00e9rdess\u00e9ge, mindez kev\u00e9s vagy semmilyen mell\u00e9khat\u00e1s n\u00e9lk\u00fcl. Ez teszi a kollag\u00e9nt az el\u00e9rhet\u0151 legjobb term\u00e9szetes b\u0151r\u00e1pol\u00f3 \u00f6sszetev\u0151k k\u00f6z\u00e9.<\/p>\r\n<p>A kollag\u00e9n el\u0151nyei k\u00f6z\u00e9 tartozik a narancsb\u0151r \u00e9s a <a href=\"https:\/\/jopofabolt.hu\/collections\/illoolajok-striak-ellen\">stri\u00e1k cs\u00f6kkent\u00e9se is<\/a>. Ha a b\u0151r elvesz\u00edti rugalmass\u00e1g\u00e1t a kollag\u00e9n cs\u00f6kken\u00e9se k\u00f6vetkezt\u00e9ben, van egy m\u00e1sik mell\u00e9khat\u00e1sa: jobban l\u00e1that\u00f3 cellulit. Mivel a b\u0151re most v\u00e9konyabb, a cellulitisz egyre nyilv\u00e1nval\u00f3bb\u00e1 v\u00e1lik - nincs t\u00f6bb\u00e9 rejtve, ami a felsz\u00edn alatt t\u00f6rt\u00e9nik. A b\u0151r kollag\u00e9nje seg\u00edti annak rugalmass\u00e1g\u00e1t \u00e9s cs\u00f6kkenti a g\u00f6dr\u00f6z\u00e9s lehet\u0151s\u00e9g\u00e9t.<\/p>\r\n<h3>2. Cs\u00f6kkenti az \u00edz\u00fcleti f\u00e1jdalmakat \u00e9s a degener\u00e1ci\u00f3t<\/h3>\r\n<p>\u00c9rezte-e m\u00e1r valaha, hogy \u201ecsontv\u00e1zl\u00e1bai\u201d vannak, azok a t\u00edpusok, amelyek k\u00fcl\u00f6n\u00f6sen merevnek \u00e9rzik magukat \u00e9s f\u00e1jdalmat okoznak, amikor mozognak? Igen, ez val\u00f3sz\u00edn\u0171leg a kollag\u00e9n elveszt\u00e9se cs\u00fanya fej\u00e9t emeli. Ez az\u00e9rt van, mert amikor elvesz\u00edtj\u00fck a kollag\u00e9nt, az inak \u00e9s szalagok kev\u00e9sb\u00e9 k\u00f6nnyed\u00e9n kezdenek mozogni, ami merevs\u00e9ghez, \u00edz\u00fcletek duzzad\u00e1s\u00e1hoz \u00e9s m\u00e9g sok m\u00e1shoz vezet.<\/p>\r\n<p>G\u00e9lszer\u0171, sima szerkezet\u00e9vel, amely takarja \u00e9s \u00f6sszetartja csontjainkat, a kollag\u00e9n lehet\u0151v\u00e9 teszi sz\u00e1munkra, hogy f\u00e1jdalom n\u00e9lk\u00fcl siklhassunk \u00e9s mozoghassunk. Gondoljon arra, hogy t\u00f6bb kollag\u00e9nt kell bevennie, mint p\u00e9ld\u00e1ul a recseg\u0151 ajt\u00f3p\u00e1nt ken\u00e9se: Seg\u00edti az \u00edz\u00fcletek k\u00f6nnyebb mozg\u00e1s\u00e1t , cs\u00f6kkenti a gyakran az \u00f6reged\u00e9ssel j\u00e1r\u00f3 f\u00e1jdalmat , s\u0151t cs\u00f6kkenti az \u00edz\u00fcletek roml\u00e1s\u00e1nak kock\u00e1zat\u00e1t. Akkor nem meglep\u0151, hogy egy nemr\u00e9giben k\u00e9sz\u00fclt tanulm\u00e1ny m\u00e9g azt is meg\u00e1llap\u00edtotta, hogy a kollag\u00e9n hat\u00e9kony kezel\u00e9s az osteoarthritis \u00e9s m\u00e1s \u00edz\u00fcleti f\u00e1jdalmak \u00e9s rendelleness\u00e9gek kezel\u00e9s\u00e9re.<\/p>\r\n<p>A bostoni Harvard Beth Israel Deaconess Orvosi K\u00f6zpontj\u00e1nak kutat\u00f3i megvizsg\u00e1lt\u00e1k a kollag\u00e9n el\u0151nyeit, \u00e9s meg\u00e1llap\u00edtott\u00e1k, hogy a 2-es t\u00edpus\u00fa kollag\u00e9nnel val\u00f3 kieg\u00e9sz\u00edt\u00e9s seg\u00edtett abban, hogy a reumatoid artritiszben szenved\u0151 betegek k\u00f6nnyebben megtal\u00e1lj\u00e1k a f\u00e1jdalmas t\u00fcneteket az\u00e1ltal, hogy cs\u00f6kkentik a gyeng\u00e9d \u00edz\u00fcletek duzzad\u00e1s\u00e1t.<\/p>\r\n<p>Egy m\u00e1sik tanulm\u00e1ny, amelyet az International Journal of Medical Sciences publik\u00e1lt, kimutatta, hogy a 2-es t\u00edpus\u00fa kollag\u00e9nnel kezelt osteoarthritises \u00edz\u00fcleti f\u00e1jdalmakban szenved\u0151k jelent\u0151s javul\u00e1st mutatnak a mindennapi tev\u00e9kenys\u00e9gekben, p\u00e9ld\u00e1ul a l\u00e9pcs\u0151n j\u00e1r\u00e1sban, felemelked\u00e9sben vagy alv\u00e1sban, \u00e9s \u00e9letmin\u0151s\u00e9g\u00fck \u00e1ltal\u00e1nos javul\u00e1s\u00e1ban.<\/p>\r\n<h3>3. Seg\u00edt a sziv\u00e1rg\u00f3 b\u00e9l orvosl\u00e1s\u00e1ban<\/h3>\r\n<p>Ha sziv\u00e1rg\u00f3 b\u00e9l szindr\u00f3m\u00e1ban szenved , olyan \u00e1llapotban, amikor a kedvez\u0151tlen toxinok k\u00e9pesek \u00e1tjutni az em\u00e9szt\u0151rendszeren, a kollag\u00e9n rendk\u00edv\u00fcl hasznos lehet. Seg\u00edt a feh\u00e9rj\u00e9k lebont\u00e1s\u00e1ban \u00e9s megnyugtatja a b\u00e9l b\u00e9l\u00e9s\u00e9t, gy\u00f3gy\u00edtja a s\u00e9r\u00fclt sejtfalakat, \u00e9s gy\u00f3gy\u00edt\u00f3 aminosavakkal infund\u00e1lja.<\/p>\r\n<p>A t\u00f6bb kollag\u00e9n fogyaszt\u00e1s\u00e1nak legnagyobb em\u00e9szt\u00e9si el\u0151nye, hogy el\u0151seg\u00edti a k\u00f6t\u0151sz\u00f6vet kialakul\u00e1s\u00e1t, ez\u00e9rt \u201elez\u00e1rja \u00e9s meggy\u00f3gy\u00edtja\u201d a gyomor-b\u00e9l traktus v\u00e9d\u0151b\u00e9l\u00e9s\u00e9t. Ma m\u00e1r tudjuk, hogy sok betegs\u00e9g val\u00f3j\u00e1ban az eg\u00e9szs\u00e9gtelen b\u00e9lb\u0151l ered\u0151 gyullad\u00e1sra vagy irrit\u00e1ci\u00f3ra vezethet\u0151 vissza. A gyomor rossz eg\u00e9szs\u00e9gi \u00e1llapota - bele\u00e9rtve a b\u00e9l mikrobiomj\u00e1nak v\u00e1ltoz\u00e1sait \u00e9s a b\u00e9lb\u00e9l\u00e9s permeabilit\u00e1s\u00e1t - lehet\u0151v\u00e9 teszi a r\u00e9szecsk\u00e9k \u00e1tjut\u00e1s\u00e1t a v\u00e9r\u00e1ramba, ahol elind\u00edthatj\u00e1k a gyullad\u00e1sos kaszk\u00e1dot (innen ered a sziv\u00e1rg\u00f3 b\u00e9l szindr\u00f3ma neve).<\/p>\r\n<p>Tanulm\u00e1nyok kimutatt\u00e1k, hogy gyullad\u00e1sos b\u00e9lbetegs\u00e9gben szenved\u0151 betegekn\u00e9l a kollag\u00e9n sz\u00e9rumkoncentr\u00e1ci\u00f3ja cs\u00f6kken. Mivel a kollag\u00e9nben tal\u00e1lhat\u00f3 aminosavak fel\u00e9p\u00edtik a vastagbelet \u00e9s a gyomor-b\u00e9l traktust szeg\u00e9lyez\u0151 sz\u00f6vetet, a kollag\u00e9nnel t\u00f6rt\u00e9n\u0151 kieg\u00e9sz\u00edt\u00e9s seg\u00edthet a gyomor-b\u00e9lrendszeri t\u00fcnetek \u00e9s rendelleness\u00e9gek kezel\u00e9s\u00e9ben, bele\u00e9rtve a sziv\u00e1rg\u00f3 b\u00e9l szindr\u00f3m\u00e1t, az IBS-t, a savas refluxot, a Crohn-k\u00f3rt \u00e9s a fek\u00e9lyes vastagb\u00e9lgyullad\u00e1st.<\/p>\r\n<p>A sziv\u00e1rg\u00f3 b\u00e9l gy\u00f3gy\u00edt\u00e1s\u00e1n t\u00fal a kollag\u00e9n el\u0151nyei k\u00f6z\u00e9 tartozik a v\u00edz felsz\u00edv\u00f3d\u00e1s\u00e1nak el\u0151seg\u00edt\u00e9se a belekben, a dolgok szabadabb mozg\u00e1sa a testen k\u00edv\u00fcl.<\/p>\r\n<h3>4. Fokozza az anyagcser\u00e9t, az izomt\u00f6meg \u00e9s az energiatermel\u00e9st<\/h3>\r\n<p>A kollag\u00e9n n\u00f6vel\u00e9se hozz\u00e1j\u00e1rulhat az anyagcser\u00e9hez az\u00e1ltal, hogy sov\u00e1ny izomt\u00f6meget ad hozz\u00e1 a kerethez, \u00e9s el\u0151seg\u00edti az alapvet\u0151 t\u00e1panyagok \u00e1talakul\u00e1s\u00e1t. A glicin egyik legfontosabb szerepe az izomsz\u00f6vet kialakul\u00e1s\u00e1nak el\u0151seg\u00edt\u00e9se az\u00e1ltal, hogy a gl\u00fck\u00f3zt izomsejteket t\u00e1pl\u00e1l\u00f3 energi\u00e1v\u00e1 alak\u00edtja. \u00c9s ne feledje, hogy az izomt\u00f6meg meg\u0151rz\u00e9se elengedhetetlen az \u00e9letkor el\u0151rehaladt\u00e1val, mivel el\u0151seg\u00edti a testtart\u00e1st, a csontok eg\u00e9szs\u00e9g\u00e9t \u00e9s t\u00f6bb kal\u00f3ri\u00e1t \u00e9get el, mint zs\u00edr.<\/p>\r\n<p>Kollag\u00e9n fogyaszt\u00e1sakor el\u0151ny\u00f6s lehet a C-vitamin fogyaszt\u00e1sa is, hogy teste felhaszn\u00e1lhat\u00f3 feh\u00e9rj\u00e9v\u00e9 alak\u00edtsa a kollag\u00e9nt. Ez megkezdheti a forr\u00e1s vagy energi\u00e1d \u00e9s vitalit\u00e1sod helyre\u00e1ll\u00edt\u00e1s\u00e1t.<\/p>\r\n<p>Ez nem minden, amit a glicin tehet az anyagcser\u00e9\u00e9rt. A kutat\u00e1sok azt mutatj\u00e1k, hogy a glicinnek fontos szerepe van az em\u00e9szt\u0151rendszer \u00e9s a k\u00f6zponti idegrendszer m\u0171k\u00f6d\u00e9s\u00e9ben is, amelyek nagy szerepet j\u00e1tszanak az eg\u00e9szs\u00e9ges, fiatalos test fenntart\u00e1s\u00e1ban. \u00dagy t\u0171nik, hogy a glicin seg\u00edt lass\u00edtani az \u00f6reged\u00e9s hat\u00e1sait az\u00e1ltal, hogy jav\u00edtja a szervezet antioxid\u00e1ns-haszn\u00e1lat\u00e1t, \u00e9s felhaszn\u00e1lj\u00e1k az eg\u00e9szs\u00e9ges sejtek DNS-b\u0151l \u00e9s RNS-b\u0151l t\u00f6rt\u00e9n\u0151 fel\u00e9p\u00edt\u00e9s\u00e9nek folyamat\u00e1ban is.<\/p>\r\n<p>Ezenk\u00edv\u00fcl kider\u00fclt, hogy az arginin n\u00f6veli a test azon k\u00e9pess\u00e9g\u00e9t, hogy m\u00e1s aminosavakb\u00f3l feh\u00e9rj\u00e9t \u00e1ll\u00edtson el\u0151, ami fontos az izomsz\u00f6vet helyre\u00e1ll\u00edt\u00e1s\u00e1hoz, a sebek gy\u00f3gy\u00edt\u00e1s\u00e1hoz, a sz\u00f6vetek pazarl\u00e1s\u00e1nak megk\u00edm\u00e9l\u00e9s\u00e9hez, az anyagcsere fellend\u00edt\u00e9s\u00e9hez, valamint a megfelel\u0151 n\u00f6veked\u00e9s \u00e9s fejl\u0151d\u00e9s el\u0151seg\u00edt\u00e9s\u00e9hez. \u00c9s a glutamin a megfelel\u0151 energia fenntart\u00e1s\u00e1ban is seg\u00edt sz\u00e1mos vegyi anyag szintetiz\u00e1l\u00e1s\u00e1nak el\u0151seg\u00edt\u00e9s\u00e9ben. Ez az aminosav \u201e\u00fczemanyagot\u201d biztos\u00edt sejtjeink sz\u00e1m\u00e1ra, bele\u00e9rtve a szenet \u00e9s a nitrog\u00e9nt is.<\/p>\r\n<h3>5. Er\u0151s\u00edti a k\u00f6rm\u00f6ket, a hajat \u00e9s a fogakat<\/h3>\r\n<p>Volt m\u00e1r h\u00e1ml\u00f3 \u00e9s hasad\u00f3 k\u00f6r\u00f6m? Nos, a kollag\u00e9n hi\u00e1nya lehet a hib\u00e1s. A kollag\u00e9n feh\u00e9rje a k\u00f6rme, a haj \u00e9s a fogak \u00e9p\u00edt\u0151k\u00f6ve. Kollag\u00e9n hozz\u00e1ad\u00e1sa az \u00e9trendbe seg\u00edthet er\u0151sen tartani a k\u00f6rm\u00f6ket, \u00e9s esetleg <a href=\"https:\/\/jopofabolt.hu\/collections\/illoolajok-koromgomba-ellen\">visszaford\u00edthatja a k\u00f6r\u00f6mgomba jeleit<\/a>.<\/p>\r\n<p>A Journal of Investigative Dermatology foly\u00f3iratban megjelent tanulm\u00e1ny meg\u00e1llap\u00edtotta, hogy \u201el\u00e9tfontoss\u00e1g\u00fa \u00f6sszef\u00fcgg\u00e9sek vannak az extracellul\u00e1ris m\u00e1trix (ECM) \u00e9s a sz\u0151rt\u00fcsz\u0151 regener\u00e1ci\u00f3ja k\u00f6z\u00f6tt, ami arra utal, hogy a kollag\u00e9n el\u0151nyei magukban foglalhatj\u00e1k a hajhull\u00e1s \u00e9s m\u00e1s b\u0151rrel kapcsolatos betegs\u00e9gek lehets\u00e9ges ter\u00e1pi\u00e1s c\u00e9lj\u00e1t\u201d.<\/p>\r\n<h3>6. Jav\u00edtja a m\u00e1j eg\u00e9szs\u00e9g\u00e9t<\/h3>\r\n<p>Ha m\u00e9regtelen\u00edteni k\u00edv\u00e1nja test\u00e9t a k\u00e1ros anyagokkal, jav\u00edtja a v\u00e9r\u00e1raml\u00e1st \u00e9s fiatalon tartja a sz\u00edv\u00e9t, a kollag\u00e9n rendk\u00edv\u00fcl hasznos. Ez az\u00e9rt van, mert a glicin seg\u00edt minimaliz\u00e1lni a m\u00e1j k\u00e1ros tapasztalatait, amikor felsz\u00edvja az idegen anyagokat, m\u00e9reganyagokat vagy alkoholt, amelyeknek nem szabadna \u00e1tjutniuk rajta.<\/p>\r\n<p>Az egyik legegyszer\u0171bb m\u00f3dja, hogy megtiszt\u00edts\u00e1k a m\u00e1j van egy csont levest gyorsan . Gyakran aj\u00e1nlok h\u00e1rom napos csontleves m\u00e9regtelen\u00edt\u0151t a sziv\u00e1rg\u00f3 b\u00e9l gyors helyre\u00e1ll\u00edt\u00e1s\u00e1ra. Ez seg\u00edthet abban, hogy teste megszabaduljon a vegyszerekt\u0151l, \u00e9s \u201ealaphelyzetbe \u00e1ll\u00edtsa\u201d a bel\u00e9t, jav\u00edtva az \u00e1ltal\u00e1nos immunfunkci\u00f3kat. Tanulm\u00e1nyok m\u00e9g azt is meg\u00e1llap\u00edtott\u00e1k, hogy a glicin felhaszn\u00e1lhat\u00f3 az alkohol okozta m\u00e1jk\u00e1rosod\u00e1s \u00e9s az akut vagy kr\u00f3nikus m\u00e1jk\u00e1rosod\u00e1s egy\u00e9b form\u00e1inak cs\u00f6kkent\u00e9s\u00e9re.<\/p>\r\n<h3>7. V\u00e9di a sz\u00edv- \u00e9s \u00e9rrendszeri eg\u00e9szs\u00e9get<\/h3>\r\n<p>A prolin aminosav seg\u00edt az art\u00e9ri\u00e1k falainak felszabad\u00edtani a zs\u00edr felhalmoz\u00f3d\u00e1s\u00e1t a v\u00e9r\u00e1ramban, zsugor\u00edtja az art\u00e9ri\u00e1k zs\u00edrj\u00e1t \u00e9s minimaliz\u00e1lja a zs\u00edr felhalmoz\u00f3d\u00e1s\u00e1t. A prolinnak az \u00edz\u00fcletekben \u00e9s az art\u00e9ri\u00e1kban a sz\u00f6vetek helyre\u00e1ll\u00edt\u00e1s\u00e1hoz van sz\u00fcks\u00e9ge, r\u00e1ad\u00e1sul seg\u00edt szab\u00e1lyozni a v\u00e9rnyom\u00e1st.<\/p>\r\n<p>Az \u00edz\u00fcletekben tal\u00e1lhat\u00f3 kollag\u00e9n r\u00e9szek\u00e9nt pufferolja test\u00fcnket a rezg\u00e9s vagy a sokk hat\u00e1sait\u00f3l, \u00e9s el\u0151seg\u00edti az \u00e9rt\u00e9kes porcok megtart\u00e1s\u00e1t id\u0151sebb korunkban . Ez is kapcsol\u00f3dik megel\u0151z\u00e9s\u00e9re \u00c1rt\u00e9r i osclerosis (az art\u00e9ri\u00e1k megkem\u00e9nyed\u00e9se), mert seg\u00edti a ver\u0151erek marad tiszta a vesz\u00e9lyes \u00e9ren.<\/p>\r\n<p>Ezenk\u00edv\u00fcl az arginin seg\u00edti a nitrog\u00e9n-monoxid termel\u00e9st, ami jobb \u00e9rt\u00e1gulatokat tesz lehet\u0151v\u00e9 - ez azt jelenti, hogy az art\u00e9ri\u00e1k kisz\u00e9lesednek, az izomsejtek \u00e9s az erek ellazulnak, ami jobb kering\u00e9st tesz lehet\u0151v\u00e9.<\/p>\r\n<h2>Kollag\u00e9n peptidek<\/h2>\r\n<p>Ek\u00f6zben az eg\u00e9szs\u00e9g \u00e9s fitnesz k\u00f6rzet\u00e9ben az ut\u00f3bbi id\u0151ben nagyon sok hype van a hidroliz\u00e1lt kollag\u00e9n peptidekr\u0151l, \u00e9s j\u00f3 okkal. A kollag\u00e9n peptidek ugyanolyan aminosavakat \u00e9s t\u00e1panyagokat tartalmaznak, mint a kollag\u00e9n, de hidrol\u00edzisnek nevezett folyamaton mennek kereszt\u00fcl, hogy r\u00f6videbb feh\u00e9rje l\u00e1ncokk\u00e1 bonts\u00e1k \u0151ket.<\/p>\r\n<p>A hidroliz\u00e1lt kollag\u00e9n nemcsak oldhat\u00f3 fel forr\u00f3 vagy hideg v\u00edzben, de a gyomr\u00e1nak is sokkal k\u00f6nnyebben lebomlik \u00e9s em\u00e9szthet\u0151. Magas biohasznosul\u00e1sa is van, \u00e9s k\u00f6nnyebben felsz\u00edv\u00f3dhat a v\u00e9r\u00e1ramba, mint a szok\u00e1sos kollag\u00e9n feh\u00e9rje, \u00edgy t\u00f6bb d\u00f6f\u00e9s \u00e9rhet\u0151 el a t\u00e1pl\u00e1lkoz\u00e1s ter\u00e9n. A legjobb az eg\u00e9szben, hogy b\u00fcszk\u00e9lkedhet ugyanazokat a kollag\u00e9n peptidek el\u0151ny\u00f6ket kollag\u00e9n protein, ami azt jelenti, jav\u00edthatja a b\u0151r \u00e9s a haj, enyh\u00edti az \u00edz\u00fcleti f\u00e1jdalmakat \u00e9s optimaliz\u00e1lja az eg\u00e9szs\u00e9g\u00e9t a b\u00e9lben.<\/p>\r\n<h2>Kollag\u00e9n kieg\u00e9sz\u00edt\u0151k<\/h2>\r\n<p>Sz\u00fcks\u00e9g van teh\u00e1t sz\u00fcks\u00e9gszer\u0171en kollag\u00e9n-kieg\u00e9sz\u00edt\u0151kre, hogy megbizonyosodjunk arr\u00f3l, hogy elegend\u0151 kollag\u00e9nt kapunk-e az \u00e9trend\u00fcnkben? M\u00e1s sz\u00f3val, m\u0171k\u00f6dnek-e a kollag\u00e9n-kieg\u00e9sz\u00edt\u0151k? A v\u00e1lasz mindk\u00e9t k\u00e9rd\u00e9sre igen.<\/p>\r\n<p>A kollag\u00e9n-kieg\u00e9sz\u00edt\u0151 kiv\u00e1laszt\u00e1sakor \u00e9rdemes megfontolni, hogy melyik forma a legjobb az \u00d6n sz\u00e1m\u00e1ra, p\u00e9ld\u00e1ul por vagy kapszula, \u00e9s azt is, hogy mely t\u00edpus\u00fa kollag\u00e9n felel meg legjobban az \u00d6n ig\u00e9nyeinek. M\u00edg egyes kieg\u00e9sz\u00edt\u0151k csak egy vagy k\u00e9tf\u00e9le kollag\u00e9nt tartalmazhatnak, m\u00e1s kollag\u00e9n term\u00e9kek t\u00f6bb k\u00fcl\u00f6nb\u00f6z\u0151 t\u00edpus\u00fa kever\u00e9ket k\u00edn\u00e1lhatnak.<\/p>\r\n<p>R\u00f6videbb l\u00e1nchosszuk, sokoldal\u00fas\u00e1guk \u00e9s magas biohasznosul\u00e1suk miatt a kollag\u00e9n-peptidek remek lehet\u0151s\u00e9gek, ha \u00e9trendj\u00e9ben kollag\u00e9nnel k\u00edv\u00e1nja kieg\u00e9sz\u00edteni.<\/p>","type":"rich"}